{"id":236,"date":"2014-07-06T18:17:12","date_gmt":"2014-07-06T16:17:12","guid":{"rendered":"http:\/\/durv.grafrath-staedtepartner.de\/?page_id=236"},"modified":"2014-07-10T10:40:13","modified_gmt":"2014-07-10T08:40:13","slug":"vereinsausfluege","status":"publish","type":"page","link":"https:\/\/durv.grafrath-staedtepartner.de\/?page_id=236","title":{"rendered":"Vereinsausfl\u00fcge"},"content":{"rendered":"<p><strong><span style=\"color: #ff0000;\">Vereins \u2013 Ausflug nach Siebenb\u00fcrgen, Gro\u00dfkarol und zu unserer Partnergemeinde Petrifeld<\/span><\/strong><\/p>\n<p>&nbsp;<\/p>\n<p>Vom 10. Juni bis 19.6.2014 hat, organisiert von unserem Verein, eine interessierte Reisegruppe von 18 Personen eine sch\u00f6ne Reise nach Siebenb\u00fcrgen und dann weiter in den Bezirk Sathmar an der ungarischen Grenze gemacht.<\/p>\n<p>Wir sind mit dem Flugzeug von M\u00fcnchen nach Hermannstadt (Sibiu) geflogen. Dort erwartete uns bereits der rum\u00e4nische Reiseveranstalter mit einem Kleinbus incl. Deutsch sprechenden Reiseleiter, der uns die gesamte Rundreise begleitete.<\/p>\n<p>Noch am Nachmittag haben wir einen Stadtrundgang durch Hermannstadt gemacht. Hermannstadt war im Jahr 2007 Europ\u00e4ische Kulturhauptstadt und wir waren von der Sch\u00f6nheit der Historischen Altstadt sehr begeistert.<\/p>\n\n\t\t<style type=\"text\/css\">\n\t\t\t#gallery-1 {\n\t\t\t\tmargin: auto;\n\t\t\t}\n\t\t\t#gallery-1 .gallery-item {\n\t\t\t\tfloat: left;\n\t\t\t\tmargin-top: 10px;\n\t\t\t\ttext-align: center;\n\t\t\t\twidth: 33%;\n\t\t\t}\n\t\t\t#gallery-1 img {\n\t\t\t\tborder: 2px solid #cfcfcf;\n\t\t\t}\n\t\t\t#gallery-1 .gallery-caption {\n\t\t\t\tmargin-left: 0;\n\t\t\t}\n\t\t\t\/* see gallery_shortcode() in wp-includes\/media.php *\/\n\t\t<\/style>\n\t\t<div id='gallery-1' class='gallery galleryid-236 gallery-columns-3 gallery-size-thumbnail'><dl class='gallery-item'>\n\t\t\t<dt class='gallery-icon landscape'>\n\t\t\t\t<a href='https:\/\/durv.grafrath-staedtepartner.de\/?attachment_id=243'><img loading=\"lazy\" decoding=\"async\" width=\"150\" height=\"150\" src=\"https:\/\/durv.grafrath-staedtepartner.de\/wp-content\/uploads\/2014\/07\/IMG_1820-150x150.jpg\" class=\"attachment-thumbnail size-thumbnail\" alt=\"\" aria-describedby=\"gallery-1-243\" \/><\/a>\n\t\t\t<\/dt>\n\t\t\t\t<dd class='wp-caption-text gallery-caption' id='gallery-1-243'>\n\t\t\t\tHermannstadt\n\t\t\t\t<\/dd><\/dl><dl class='gallery-item'>\n\t\t\t<dt class='gallery-icon landscape'>\n\t\t\t\t<a href='https:\/\/durv.grafrath-staedtepartner.de\/?attachment_id=258'><img loading=\"lazy\" decoding=\"async\" width=\"150\" height=\"150\" src=\"https:\/\/durv.grafrath-staedtepartner.de\/wp-content\/uploads\/2014\/07\/IMG_1850_2-150x150.jpg\" class=\"attachment-thumbnail size-thumbnail\" alt=\"\" aria-describedby=\"gallery-1-258\" \/><\/a>\n\t\t\t<\/dt>\n\t\t\t\t<dd class='wp-caption-text gallery-caption' id='gallery-1-258'>\n\t\t\t\tHermannstadt\n\t\t\t\t<\/dd><\/dl><dl class='gallery-item'>\n\t\t\t<dt class='gallery-icon portrait'>\n\t\t\t\t<a href='https:\/\/durv.grafrath-staedtepartner.de\/?attachment_id=274'><img loading=\"lazy\" decoding=\"async\" width=\"150\" height=\"150\" src=\"https:\/\/durv.grafrath-staedtepartner.de\/wp-content\/uploads\/2014\/07\/IMG_1856-e1404827205548-150x150.jpg\" class=\"attachment-thumbnail size-thumbnail\" alt=\"\" aria-describedby=\"gallery-1-274\" \/><\/a>\n\t\t\t<\/dt>\n\t\t\t\t<dd class='wp-caption-text gallery-caption' id='gallery-1-274'>\n\t\t\t\tHermannstadt\n\t\t\t\t<\/dd><\/dl><br style=\"clear: both\" \/>\n\t\t<\/div>\n\n<p>&nbsp;<\/p>\n\n\t\t<style type=\"text\/css\">\n\t\t\t#gallery-2 {\n\t\t\t\tmargin: auto;\n\t\t\t}\n\t\t\t#gallery-2 .gallery-item {\n\t\t\t\tfloat: left;\n\t\t\t\tmargin-top: 10px;\n\t\t\t\ttext-align: center;\n\t\t\t\twidth: 33%;\n\t\t\t}\n\t\t\t#gallery-2 img {\n\t\t\t\tborder: 2px solid #cfcfcf;\n\t\t\t}\n\t\t\t#gallery-2 .gallery-caption {\n\t\t\t\tmargin-left: 0;\n\t\t\t}\n\t\t\t\/* see gallery_shortcode() in wp-includes\/media.php *\/\n\t\t<\/style>\n\t\t<div id='gallery-2' class='gallery galleryid-236 gallery-columns-3 gallery-size-thumbnail'><dl class='gallery-item'>\n\t\t\t<dt class='gallery-icon landscape'>\n\t\t\t\t<a href='https:\/\/durv.grafrath-staedtepartner.de\/?attachment_id=326'><img loading=\"lazy\" decoding=\"async\" width=\"150\" height=\"150\" src=\"https:\/\/durv.grafrath-staedtepartner.de\/wp-content\/uploads\/2014\/07\/IMG_2488_2-150x150.jpg\" class=\"attachment-thumbnail size-thumbnail\" alt=\"\" aria-describedby=\"gallery-2-326\" \/><\/a>\n\t\t\t<\/dt>\n\t\t\t\t<dd class='wp-caption-text gallery-caption' id='gallery-2-326'>\n\t\t\t\tHermannstadt &#8211; Unterstadt\n\t\t\t\t<\/dd><\/dl><dl class='gallery-item'>\n\t\t\t<dt class='gallery-icon landscape'>\n\t\t\t\t<a href='https:\/\/durv.grafrath-staedtepartner.de\/?attachment_id=325'><img loading=\"lazy\" decoding=\"async\" width=\"150\" height=\"150\" src=\"https:\/\/durv.grafrath-staedtepartner.de\/wp-content\/uploads\/2014\/07\/IMG_2469_2-150x150.jpg\" class=\"attachment-thumbnail size-thumbnail\" alt=\"\" aria-describedby=\"gallery-2-325\" \/><\/a>\n\t\t\t<\/dt>\n\t\t\t\t<dd class='wp-caption-text gallery-caption' id='gallery-2-325'>\n\t\t\t\tHermannstadt &#8211; L\u00fcgenbr\u00fccke\n\t\t\t\t<\/dd><\/dl><dl class='gallery-item'>\n\t\t\t<dt class='gallery-icon landscape'>\n\t\t\t\t<a href='https:\/\/durv.grafrath-staedtepartner.de\/?attachment_id=324'><img loading=\"lazy\" decoding=\"async\" width=\"150\" height=\"150\" src=\"https:\/\/durv.grafrath-staedtepartner.de\/wp-content\/uploads\/2014\/07\/IMG_2465_2-150x150.jpg\" class=\"attachment-thumbnail size-thumbnail\" alt=\"\" aria-describedby=\"gallery-2-324\" \/><\/a>\n\t\t\t<\/dt>\n\t\t\t\t<dd class='wp-caption-text gallery-caption' id='gallery-2-324'>\n\t\t\t\tHermannstadt\n\t\t\t\t<\/dd><\/dl><br style=\"clear: both\" \/>\n\t\t<\/div>\n\n<p>Am n\u00e4chsten Tag haben wir dann die Umgebung von Hermannstadt angeschaut und haben da die Kirchenburg von Heltau besichtigt und die Burgruine Michelsberg erklommen.<\/p>\n\n\t\t<style type=\"text\/css\">\n\t\t\t#gallery-3 {\n\t\t\t\tmargin: auto;\n\t\t\t}\n\t\t\t#gallery-3 .gallery-item {\n\t\t\t\tfloat: left;\n\t\t\t\tmargin-top: 10px;\n\t\t\t\ttext-align: center;\n\t\t\t\twidth: 33%;\n\t\t\t}\n\t\t\t#gallery-3 img {\n\t\t\t\tborder: 2px solid #cfcfcf;\n\t\t\t}\n\t\t\t#gallery-3 .gallery-caption {\n\t\t\t\tmargin-left: 0;\n\t\t\t}\n\t\t\t\/* see gallery_shortcode() in wp-includes\/media.php *\/\n\t\t<\/style>\n\t\t<div id='gallery-3' class='gallery galleryid-236 gallery-columns-3 gallery-size-thumbnail'><dl class='gallery-item'>\n\t\t\t<dt class='gallery-icon landscape'>\n\t\t\t\t<a href='https:\/\/durv.grafrath-staedtepartner.de\/?attachment_id=259'><img loading=\"lazy\" decoding=\"async\" width=\"150\" height=\"150\" src=\"https:\/\/durv.grafrath-staedtepartner.de\/wp-content\/uploads\/2014\/07\/IMG_1877_2-150x150.jpg\" class=\"attachment-thumbnail size-thumbnail\" alt=\"\" aria-describedby=\"gallery-3-259\" \/><\/a>\n\t\t\t<\/dt>\n\t\t\t\t<dd class='wp-caption-text gallery-caption' id='gallery-3-259'>\n\t\t\t\tHeltau &#8211; Kirchenburg\n\t\t\t\t<\/dd><\/dl><dl class='gallery-item'>\n\t\t\t<dt class='gallery-icon landscape'>\n\t\t\t\t<a href='https:\/\/durv.grafrath-staedtepartner.de\/?attachment_id=260'><img loading=\"lazy\" decoding=\"async\" width=\"150\" height=\"150\" src=\"https:\/\/durv.grafrath-staedtepartner.de\/wp-content\/uploads\/2014\/07\/IMG_1885_2-150x150.jpg\" class=\"attachment-thumbnail size-thumbnail\" alt=\"\" aria-describedby=\"gallery-3-260\" \/><\/a>\n\t\t\t<\/dt>\n\t\t\t\t<dd class='wp-caption-text gallery-caption' id='gallery-3-260'>\n\t\t\t\tHeltau &#8211; Kirchenburg\n\t\t\t\t<\/dd><\/dl><dl class='gallery-item'>\n\t\t\t<dt class='gallery-icon landscape'>\n\t\t\t\t<a href='https:\/\/durv.grafrath-staedtepartner.de\/?attachment_id=261'><img loading=\"lazy\" decoding=\"async\" width=\"150\" height=\"150\" src=\"https:\/\/durv.grafrath-staedtepartner.de\/wp-content\/uploads\/2014\/07\/IMG_1889_2-150x150.jpg\" class=\"attachment-thumbnail size-thumbnail\" alt=\"\" aria-describedby=\"gallery-3-261\" \/><\/a>\n\t\t\t<\/dt>\n\t\t\t\t<dd class='wp-caption-text gallery-caption' id='gallery-3-261'>\n\t\t\t\tHeltau\n\t\t\t\t<\/dd><\/dl><br style=\"clear: both\" \/><dl class='gallery-item'>\n\t\t\t<dt class='gallery-icon landscape'>\n\t\t\t\t<a href='https:\/\/durv.grafrath-staedtepartner.de\/?attachment_id=262'><img loading=\"lazy\" decoding=\"async\" width=\"150\" height=\"150\" src=\"https:\/\/durv.grafrath-staedtepartner.de\/wp-content\/uploads\/2014\/07\/IMG_1899_2-150x150.jpg\" class=\"attachment-thumbnail size-thumbnail\" alt=\"\" aria-describedby=\"gallery-3-262\" \/><\/a>\n\t\t\t<\/dt>\n\t\t\t\t<dd class='wp-caption-text gallery-caption' id='gallery-3-262'>\n\t\t\t\tBurgruine Michelsberg\n\t\t\t\t<\/dd><\/dl><dl class='gallery-item'>\n\t\t\t<dt class='gallery-icon landscape'>\n\t\t\t\t<a href='https:\/\/durv.grafrath-staedtepartner.de\/?attachment_id=263'><img loading=\"lazy\" decoding=\"async\" width=\"150\" height=\"150\" src=\"https:\/\/durv.grafrath-staedtepartner.de\/wp-content\/uploads\/2014\/07\/IMG_1905_2-150x150.jpg\" class=\"attachment-thumbnail size-thumbnail\" alt=\"\" aria-describedby=\"gallery-3-263\" \/><\/a>\n\t\t\t<\/dt>\n\t\t\t\t<dd class='wp-caption-text gallery-caption' id='gallery-3-263'>\n\t\t\t\tBurgruine Michelsberg\n\t\t\t\t<\/dd><\/dl>\n\t\t\t<br style='clear: both' \/>\n\t\t<\/div>\n\n<p>&nbsp;<\/p>\n<p>Als weiteren H\u00f6hepunkt besuchten wir das Astra Bauernhofmuseum.<\/p>\n\n\t\t<style type=\"text\/css\">\n\t\t\t#gallery-4 {\n\t\t\t\tmargin: auto;\n\t\t\t}\n\t\t\t#gallery-4 .gallery-item {\n\t\t\t\tfloat: left;\n\t\t\t\tmargin-top: 10px;\n\t\t\t\ttext-align: center;\n\t\t\t\twidth: 33%;\n\t\t\t}\n\t\t\t#gallery-4 img {\n\t\t\t\tborder: 2px solid #cfcfcf;\n\t\t\t}\n\t\t\t#gallery-4 .gallery-caption {\n\t\t\t\tmargin-left: 0;\n\t\t\t}\n\t\t\t\/* see gallery_shortcode() in wp-includes\/media.php *\/\n\t\t<\/style>\n\t\t<div id='gallery-4' class='gallery galleryid-236 gallery-columns-3 gallery-size-thumbnail'><dl class='gallery-item'>\n\t\t\t<dt class='gallery-icon landscape'>\n\t\t\t\t<a href='https:\/\/durv.grafrath-staedtepartner.de\/?attachment_id=264'><img loading=\"lazy\" decoding=\"async\" width=\"150\" height=\"150\" src=\"https:\/\/durv.grafrath-staedtepartner.de\/wp-content\/uploads\/2014\/07\/IMG_1909_2-150x150.jpg\" class=\"attachment-thumbnail size-thumbnail\" alt=\"\" aria-describedby=\"gallery-4-264\" \/><\/a>\n\t\t\t<\/dt>\n\t\t\t\t<dd class='wp-caption-text gallery-caption' id='gallery-4-264'>\n\t\t\t\tAstra &#8211; Bauernhofmuseum\n\t\t\t\t<\/dd><\/dl><dl class='gallery-item'>\n\t\t\t<dt class='gallery-icon landscape'>\n\t\t\t\t<a href='https:\/\/durv.grafrath-staedtepartner.de\/?attachment_id=267'><img loading=\"lazy\" decoding=\"async\" width=\"150\" height=\"150\" src=\"https:\/\/durv.grafrath-staedtepartner.de\/wp-content\/uploads\/2014\/07\/IMG_1931_2-150x150.jpg\" class=\"attachment-thumbnail size-thumbnail\" alt=\"\" aria-describedby=\"gallery-4-267\" \/><\/a>\n\t\t\t<\/dt>\n\t\t\t\t<dd class='wp-caption-text gallery-caption' id='gallery-4-267'>\n\t\t\t\tAstra &#8211; Bauernhofmuseum\n\t\t\t\t<\/dd><\/dl><dl class='gallery-item'>\n\t\t\t<dt class='gallery-icon landscape'>\n\t\t\t\t<a href='https:\/\/durv.grafrath-staedtepartner.de\/?attachment_id=266'><img loading=\"lazy\" decoding=\"async\" width=\"150\" height=\"150\" src=\"https:\/\/durv.grafrath-staedtepartner.de\/wp-content\/uploads\/2014\/07\/IMG_1922_2-150x150.jpg\" class=\"attachment-thumbnail size-thumbnail\" alt=\"\" aria-describedby=\"gallery-4-266\" \/><\/a>\n\t\t\t<\/dt>\n\t\t\t\t<dd class='wp-caption-text gallery-caption' id='gallery-4-266'>\n\t\t\t\tAstra &#8211; Bauernhofmuseum\n\t\t\t\t<\/dd><\/dl><br style=\"clear: both\" \/><dl class='gallery-item'>\n\t\t\t<dt class='gallery-icon landscape'>\n\t\t\t\t<a href='https:\/\/durv.grafrath-staedtepartner.de\/?attachment_id=265'><img loading=\"lazy\" decoding=\"async\" width=\"150\" height=\"150\" src=\"https:\/\/durv.grafrath-staedtepartner.de\/wp-content\/uploads\/2014\/07\/IMG_1913_2-150x150.jpg\" class=\"attachment-thumbnail size-thumbnail\" alt=\"\" aria-describedby=\"gallery-4-265\" \/><\/a>\n\t\t\t<\/dt>\n\t\t\t\t<dd class='wp-caption-text gallery-caption' id='gallery-4-265'>\n\t\t\t\tAstra &#8211; Bauernhofmuseum\n\t\t\t\t<\/dd><\/dl>\n\t\t\t<br style='clear: both' \/>\n\t\t<\/div>\n\n<p>Eine z\u00fcnftige Pferdekutschenfahrt zu einer Bauernfamilie, wo wir hervorragend zu Abend gegessen haben, rundete den Tag ab.<\/p>\n<p>Am darauffolgenden Tag ging es nach Brasov (Kronstadt), wo wir in der Umgebung das Schloss Peles besichtigten.<\/p>\n\n\t\t<style type=\"text\/css\">\n\t\t\t#gallery-5 {\n\t\t\t\tmargin: auto;\n\t\t\t}\n\t\t\t#gallery-5 .gallery-item {\n\t\t\t\tfloat: left;\n\t\t\t\tmargin-top: 10px;\n\t\t\t\ttext-align: center;\n\t\t\t\twidth: 100%;\n\t\t\t}\n\t\t\t#gallery-5 img {\n\t\t\t\tborder: 2px solid #cfcfcf;\n\t\t\t}\n\t\t\t#gallery-5 .gallery-caption {\n\t\t\t\tmargin-left: 0;\n\t\t\t}\n\t\t\t\/* see gallery_shortcode() in wp-includes\/media.php *\/\n\t\t<\/style>\n\t\t<div id='gallery-5' class='gallery galleryid-236 gallery-columns-1 gallery-size-thumbnail'><dl class='gallery-item'>\n\t\t\t<dt class='gallery-icon landscape'>\n\t\t\t\t<a href='https:\/\/durv.grafrath-staedtepartner.de\/?attachment_id=275'><img loading=\"lazy\" decoding=\"async\" width=\"150\" height=\"150\" src=\"https:\/\/durv.grafrath-staedtepartner.de\/wp-content\/uploads\/2014\/07\/IMG_1987_2-150x150.jpg\" class=\"attachment-thumbnail size-thumbnail\" alt=\"\" aria-describedby=\"gallery-5-275\" \/><\/a>\n\t\t\t<\/dt>\n\t\t\t\t<dd class='wp-caption-text gallery-caption' id='gallery-5-275'>\n\t\t\t\tSinaia &#8211; Schloss Peles\n\t\t\t\t<\/dd><\/dl><br style=\"clear: both\" \/>\n\t\t<\/div>\n\n<p>In Bran bestiegen wir die die ber\u00fchmte T\u00f6rzburg (bekannt auch als Draculaschloss; weil hier Draculafilme gedreht wurden).<\/p>\n\n\t\t<style type=\"text\/css\">\n\t\t\t#gallery-6 {\n\t\t\t\tmargin: auto;\n\t\t\t}\n\t\t\t#gallery-6 .gallery-item {\n\t\t\t\tfloat: left;\n\t\t\t\tmargin-top: 10px;\n\t\t\t\ttext-align: center;\n\t\t\t\twidth: 33%;\n\t\t\t}\n\t\t\t#gallery-6 img {\n\t\t\t\tborder: 2px solid #cfcfcf;\n\t\t\t}\n\t\t\t#gallery-6 .gallery-caption {\n\t\t\t\tmargin-left: 0;\n\t\t\t}\n\t\t\t\/* see gallery_shortcode() in wp-includes\/media.php *\/\n\t\t<\/style>\n\t\t<div id='gallery-6' class='gallery galleryid-236 gallery-columns-3 gallery-size-thumbnail'><dl class='gallery-item'>\n\t\t\t<dt class='gallery-icon landscape'>\n\t\t\t\t<a href='https:\/\/durv.grafrath-staedtepartner.de\/?attachment_id=277'><img loading=\"lazy\" decoding=\"async\" width=\"150\" height=\"150\" src=\"https:\/\/durv.grafrath-staedtepartner.de\/wp-content\/uploads\/2014\/07\/IMG_2000_2-150x150.jpg\" class=\"attachment-thumbnail size-thumbnail\" alt=\"\" aria-describedby=\"gallery-6-277\" \/><\/a>\n\t\t\t<\/dt>\n\t\t\t\t<dd class='wp-caption-text gallery-caption' id='gallery-6-277'>\n\t\t\t\tBran &#8211; T\u00f6rzburg\n\t\t\t\t<\/dd><\/dl><dl class='gallery-item'>\n\t\t\t<dt class='gallery-icon portrait'>\n\t\t\t\t<a href='https:\/\/durv.grafrath-staedtepartner.de\/?attachment_id=278'><img loading=\"lazy\" decoding=\"async\" width=\"150\" height=\"150\" src=\"https:\/\/durv.grafrath-staedtepartner.de\/wp-content\/uploads\/2014\/07\/IMG_2006_2-150x150.jpg\" class=\"attachment-thumbnail size-thumbnail\" alt=\"\" aria-describedby=\"gallery-6-278\" \/><\/a>\n\t\t\t<\/dt>\n\t\t\t\t<dd class='wp-caption-text gallery-caption' id='gallery-6-278'>\n\t\t\t\tBran &#8211; T\u00f6rzburg\n\t\t\t\t<\/dd><\/dl><dl class='gallery-item'>\n\t\t\t<dt class='gallery-icon landscape'>\n\t\t\t\t<a href='https:\/\/durv.grafrath-staedtepartner.de\/?attachment_id=279'><img loading=\"lazy\" decoding=\"async\" width=\"150\" height=\"150\" src=\"https:\/\/durv.grafrath-staedtepartner.de\/wp-content\/uploads\/2014\/07\/IMG_2012_2-150x150.jpg\" class=\"attachment-thumbnail size-thumbnail\" alt=\"\" aria-describedby=\"gallery-6-279\" \/><\/a>\n\t\t\t<\/dt>\n\t\t\t\t<dd class='wp-caption-text gallery-caption' id='gallery-6-279'>\n\t\t\t\tBran &#8211; T\u00f6rzburg\n\t\t\t\t<\/dd><\/dl><br style=\"clear: both\" \/>\n\t\t<\/div>\n\n<p>Tags darauf haben wir Brasov (Kronstadt) mit seinen vielen Sehensw\u00fcrdigkeiten angeschaut und sind dann am Nachmittag noch zu der Kirchenburg Tartlau, die Weltkulturerbe ist, gefahren.<\/p>\n\n\t\t<style type=\"text\/css\">\n\t\t\t#gallery-7 {\n\t\t\t\tmargin: auto;\n\t\t\t}\n\t\t\t#gallery-7 .gallery-item {\n\t\t\t\tfloat: left;\n\t\t\t\tmargin-top: 10px;\n\t\t\t\ttext-align: center;\n\t\t\t\twidth: 33%;\n\t\t\t}\n\t\t\t#gallery-7 img {\n\t\t\t\tborder: 2px solid #cfcfcf;\n\t\t\t}\n\t\t\t#gallery-7 .gallery-caption {\n\t\t\t\tmargin-left: 0;\n\t\t\t}\n\t\t\t\/* see gallery_shortcode() in wp-includes\/media.php *\/\n\t\t<\/style>\n\t\t<div id='gallery-7' class='gallery galleryid-236 gallery-columns-3 gallery-size-thumbnail'><dl class='gallery-item'>\n\t\t\t<dt class='gallery-icon portrait'>\n\t\t\t\t<a href='https:\/\/durv.grafrath-staedtepartner.de\/?attachment_id=280'><img loading=\"lazy\" decoding=\"async\" width=\"150\" height=\"150\" src=\"https:\/\/durv.grafrath-staedtepartner.de\/wp-content\/uploads\/2014\/07\/IMG_2040_2-150x150.jpg\" class=\"attachment-thumbnail size-thumbnail\" alt=\"\" aria-describedby=\"gallery-7-280\" \/><\/a>\n\t\t\t<\/dt>\n\t\t\t\t<dd class='wp-caption-text gallery-caption' id='gallery-7-280'>\n\t\t\t\tKronstadt\n\t\t\t\t<\/dd><\/dl><dl class='gallery-item'>\n\t\t\t<dt class='gallery-icon landscape'>\n\t\t\t\t<a href='https:\/\/durv.grafrath-staedtepartner.de\/?attachment_id=281'><img loading=\"lazy\" decoding=\"async\" width=\"150\" height=\"150\" src=\"https:\/\/durv.grafrath-staedtepartner.de\/wp-content\/uploads\/2014\/07\/IMG_2063_2-150x150.jpg\" class=\"attachment-thumbnail size-thumbnail\" alt=\"\" aria-describedby=\"gallery-7-281\" \/><\/a>\n\t\t\t<\/dt>\n\t\t\t\t<dd class='wp-caption-text gallery-caption' id='gallery-7-281'>\n\t\t\t\tKronstadt\n\t\t\t\t<\/dd><\/dl><dl class='gallery-item'>\n\t\t\t<dt class='gallery-icon landscape'>\n\t\t\t\t<a href='https:\/\/durv.grafrath-staedtepartner.de\/?attachment_id=282'><img loading=\"lazy\" decoding=\"async\" width=\"150\" height=\"150\" src=\"https:\/\/durv.grafrath-staedtepartner.de\/wp-content\/uploads\/2014\/07\/IMG_2071_2-150x150.jpg\" class=\"attachment-thumbnail size-thumbnail\" alt=\"\" aria-describedby=\"gallery-7-282\" \/><\/a>\n\t\t\t<\/dt>\n\t\t\t\t<dd class='wp-caption-text gallery-caption' id='gallery-7-282'>\n\t\t\t\tKronstadt\n\t\t\t\t<\/dd><\/dl><br style=\"clear: both\" \/><dl class='gallery-item'>\n\t\t\t<dt class='gallery-icon landscape'>\n\t\t\t\t<a href='https:\/\/durv.grafrath-staedtepartner.de\/?attachment_id=283'><img loading=\"lazy\" decoding=\"async\" width=\"150\" height=\"150\" src=\"https:\/\/durv.grafrath-staedtepartner.de\/wp-content\/uploads\/2014\/07\/IMG_2072_2-150x150.jpg\" class=\"attachment-thumbnail size-thumbnail\" alt=\"\" aria-describedby=\"gallery-7-283\" \/><\/a>\n\t\t\t<\/dt>\n\t\t\t\t<dd class='wp-caption-text gallery-caption' id='gallery-7-283'>\n\t\t\t\tKronstadt\n\t\t\t\t<\/dd><\/dl><dl class='gallery-item'>\n\t\t\t<dt class='gallery-icon landscape'>\n\t\t\t\t<a href='https:\/\/durv.grafrath-staedtepartner.de\/?attachment_id=284'><img loading=\"lazy\" decoding=\"async\" width=\"150\" height=\"150\" src=\"https:\/\/durv.grafrath-staedtepartner.de\/wp-content\/uploads\/2014\/07\/IMG_2087_2-150x150.jpg\" class=\"attachment-thumbnail size-thumbnail\" alt=\"\" aria-describedby=\"gallery-7-284\" \/><\/a>\n\t\t\t<\/dt>\n\t\t\t\t<dd class='wp-caption-text gallery-caption' id='gallery-7-284'>\n\t\t\t\tKronstadt\n\t\t\t\t<\/dd><\/dl><dl class='gallery-item'>\n\t\t\t<dt class='gallery-icon landscape'>\n\t\t\t\t<a href='https:\/\/durv.grafrath-staedtepartner.de\/?attachment_id=285'><img loading=\"lazy\" decoding=\"async\" width=\"150\" height=\"150\" src=\"https:\/\/durv.grafrath-staedtepartner.de\/wp-content\/uploads\/2014\/07\/IMG_2097_2-150x150.jpg\" class=\"attachment-thumbnail size-thumbnail\" alt=\"\" aria-describedby=\"gallery-7-285\" \/><\/a>\n\t\t\t<\/dt>\n\t\t\t\t<dd class='wp-caption-text gallery-caption' id='gallery-7-285'>\n\t\t\t\tTartlau &#8211; Kirchenburg\n\t\t\t\t<\/dd><\/dl><br style=\"clear: both\" \/><dl class='gallery-item'>\n\t\t\t<dt class='gallery-icon landscape'>\n\t\t\t\t<a href='https:\/\/durv.grafrath-staedtepartner.de\/?attachment_id=286'><img loading=\"lazy\" decoding=\"async\" width=\"150\" height=\"150\" src=\"https:\/\/durv.grafrath-staedtepartner.de\/wp-content\/uploads\/2014\/07\/IMG_2100_2-150x150.jpg\" class=\"attachment-thumbnail size-thumbnail\" alt=\"\" aria-describedby=\"gallery-7-286\" \/><\/a>\n\t\t\t<\/dt>\n\t\t\t\t<dd class='wp-caption-text gallery-caption' id='gallery-7-286'>\n\t\t\t\tTartlau &#8211; Kirchenburg\n\t\t\t\t<\/dd><\/dl><dl class='gallery-item'>\n\t\t\t<dt class='gallery-icon landscape'>\n\t\t\t\t<a href='https:\/\/durv.grafrath-staedtepartner.de\/?attachment_id=287'><img loading=\"lazy\" decoding=\"async\" width=\"150\" height=\"150\" src=\"https:\/\/durv.grafrath-staedtepartner.de\/wp-content\/uploads\/2014\/07\/IMG_2109_2-150x150.jpg\" class=\"attachment-thumbnail size-thumbnail\" alt=\"\" aria-describedby=\"gallery-7-287\" \/><\/a>\n\t\t\t<\/dt>\n\t\t\t\t<dd class='wp-caption-text gallery-caption' id='gallery-7-287'>\n\t\t\t\tTartlau &#8211; Kirchenburg\n\t\t\t\t<\/dd><\/dl>\n\t\t\t<br style='clear: both' \/>\n\t\t<\/div>\n\n<p>Weiter ging unsere Reise dann nach Sch\u00e4ssburg. Eine kleine Stadt, die sich ihren mittelalterlichen Charakter erhalten hat.<\/p>\n\n\t\t<style type=\"text\/css\">\n\t\t\t#gallery-8 {\n\t\t\t\tmargin: auto;\n\t\t\t}\n\t\t\t#gallery-8 .gallery-item {\n\t\t\t\tfloat: left;\n\t\t\t\tmargin-top: 10px;\n\t\t\t\ttext-align: center;\n\t\t\t\twidth: 33%;\n\t\t\t}\n\t\t\t#gallery-8 img {\n\t\t\t\tborder: 2px solid #cfcfcf;\n\t\t\t}\n\t\t\t#gallery-8 .gallery-caption {\n\t\t\t\tmargin-left: 0;\n\t\t\t}\n\t\t\t\/* see gallery_shortcode() in wp-includes\/media.php *\/\n\t\t<\/style>\n\t\t<div id='gallery-8' class='gallery galleryid-236 gallery-columns-3 gallery-size-thumbnail'><dl class='gallery-item'>\n\t\t\t<dt class='gallery-icon portrait'>\n\t\t\t\t<a href='https:\/\/durv.grafrath-staedtepartner.de\/?attachment_id=289'><img loading=\"lazy\" decoding=\"async\" width=\"150\" height=\"150\" src=\"https:\/\/durv.grafrath-staedtepartner.de\/wp-content\/uploads\/2014\/07\/IMG_2137_2-150x150.jpg\" class=\"attachment-thumbnail size-thumbnail\" alt=\"\" aria-describedby=\"gallery-8-289\" \/><\/a>\n\t\t\t<\/dt>\n\t\t\t\t<dd class='wp-caption-text gallery-caption' id='gallery-8-289'>\n\t\t\t\tSch\u00e4ssburg\n\t\t\t\t<\/dd><\/dl><dl class='gallery-item'>\n\t\t\t<dt class='gallery-icon landscape'>\n\t\t\t\t<a href='https:\/\/durv.grafrath-staedtepartner.de\/?attachment_id=290'><img loading=\"lazy\" decoding=\"async\" width=\"150\" height=\"150\" src=\"https:\/\/durv.grafrath-staedtepartner.de\/wp-content\/uploads\/2014\/07\/IMG_2144_2-150x150.jpg\" class=\"attachment-thumbnail size-thumbnail\" alt=\"\" aria-describedby=\"gallery-8-290\" \/><\/a>\n\t\t\t<\/dt>\n\t\t\t\t<dd class='wp-caption-text gallery-caption' id='gallery-8-290'>\n\t\t\t\tSch\u00e4ssburg\n\t\t\t\t<\/dd><\/dl><dl class='gallery-item'>\n\t\t\t<dt class='gallery-icon landscape'>\n\t\t\t\t<a href='https:\/\/durv.grafrath-staedtepartner.de\/?attachment_id=291'><img loading=\"lazy\" decoding=\"async\" width=\"150\" height=\"150\" src=\"https:\/\/durv.grafrath-staedtepartner.de\/wp-content\/uploads\/2014\/07\/IMG_2146_2-150x150.jpg\" class=\"attachment-thumbnail size-thumbnail\" alt=\"\" aria-describedby=\"gallery-8-291\" \/><\/a>\n\t\t\t<\/dt>\n\t\t\t\t<dd class='wp-caption-text gallery-caption' id='gallery-8-291'>\n\t\t\t\tSch\u00e4ssburg\n\t\t\t\t<\/dd><\/dl><br style=\"clear: both\" \/>\n\t\t<\/div>\n\n<p>Mit weiteren Kirchenburgen in Birth\u00e4lm und Medias war auch dieser Tag ausgef\u00fcllt mit vielen Sehensw\u00fcrdigkeiten.<\/p>\n\n\t\t<style type=\"text\/css\">\n\t\t\t#gallery-9 {\n\t\t\t\tmargin: auto;\n\t\t\t}\n\t\t\t#gallery-9 .gallery-item {\n\t\t\t\tfloat: left;\n\t\t\t\tmargin-top: 10px;\n\t\t\t\ttext-align: center;\n\t\t\t\twidth: 33%;\n\t\t\t}\n\t\t\t#gallery-9 img {\n\t\t\t\tborder: 2px solid #cfcfcf;\n\t\t\t}\n\t\t\t#gallery-9 .gallery-caption {\n\t\t\t\tmargin-left: 0;\n\t\t\t}\n\t\t\t\/* see gallery_shortcode() in wp-includes\/media.php *\/\n\t\t<\/style>\n\t\t<div id='gallery-9' class='gallery galleryid-236 gallery-columns-3 gallery-size-thumbnail'><dl class='gallery-item'>\n\t\t\t<dt class='gallery-icon landscape'>\n\t\t\t\t<a href='https:\/\/durv.grafrath-staedtepartner.de\/?attachment_id=299'><img loading=\"lazy\" decoding=\"async\" width=\"150\" height=\"150\" src=\"https:\/\/durv.grafrath-staedtepartner.de\/wp-content\/uploads\/2014\/07\/IMG_2204_2-150x150.jpg\" class=\"attachment-thumbnail size-thumbnail\" alt=\"\" aria-describedby=\"gallery-9-299\" \/><\/a>\n\t\t\t<\/dt>\n\t\t\t\t<dd class='wp-caption-text gallery-caption' id='gallery-9-299'>\n\t\t\t\tBirth\u00e4lm &#8211; Kirchenburg\n\t\t\t\t<\/dd><\/dl><dl class='gallery-item'>\n\t\t\t<dt class='gallery-icon landscape'>\n\t\t\t\t<a href='https:\/\/durv.grafrath-staedtepartner.de\/?attachment_id=298'><img loading=\"lazy\" decoding=\"async\" width=\"150\" height=\"150\" src=\"https:\/\/durv.grafrath-staedtepartner.de\/wp-content\/uploads\/2014\/07\/IMG_2198_2-150x150.jpg\" class=\"attachment-thumbnail size-thumbnail\" alt=\"\" aria-describedby=\"gallery-9-298\" \/><\/a>\n\t\t\t<\/dt>\n\t\t\t\t<dd class='wp-caption-text gallery-caption' id='gallery-9-298'>\n\t\t\t\tBirth\u00e4lm\n\t\t\t\t<\/dd><\/dl><dl class='gallery-item'>\n\t\t\t<dt class='gallery-icon portrait'>\n\t\t\t\t<a href='https:\/\/durv.grafrath-staedtepartner.de\/?attachment_id=295'><img loading=\"lazy\" decoding=\"async\" width=\"150\" height=\"150\" src=\"https:\/\/durv.grafrath-staedtepartner.de\/wp-content\/uploads\/2014\/07\/IMG_2179_2-150x150.jpg\" class=\"attachment-thumbnail size-thumbnail\" alt=\"\" aria-describedby=\"gallery-9-295\" \/><\/a>\n\t\t\t<\/dt>\n\t\t\t\t<dd class='wp-caption-text gallery-caption' id='gallery-9-295'>\n\t\t\t\tBirth\u00e4lm\n\t\t\t\t<\/dd><\/dl><br style=\"clear: both\" \/>\n\t\t<\/div>\n\n<p>Am n\u00e4chsten Tag sind wir nach Targu Mures gefahren und haben dort bei einem Stadtrundgang u.a. den Kulturpalastes mit Bildergalerie besichtigt.<\/p>\n\n\t\t<style type=\"text\/css\">\n\t\t\t#gallery-10 {\n\t\t\t\tmargin: auto;\n\t\t\t}\n\t\t\t#gallery-10 .gallery-item {\n\t\t\t\tfloat: left;\n\t\t\t\tmargin-top: 10px;\n\t\t\t\ttext-align: center;\n\t\t\t\twidth: 33%;\n\t\t\t}\n\t\t\t#gallery-10 img {\n\t\t\t\tborder: 2px solid #cfcfcf;\n\t\t\t}\n\t\t\t#gallery-10 .gallery-caption {\n\t\t\t\tmargin-left: 0;\n\t\t\t}\n\t\t\t\/* see gallery_shortcode() in wp-includes\/media.php *\/\n\t\t<\/style>\n\t\t<div id='gallery-10' class='gallery galleryid-236 gallery-columns-3 gallery-size-thumbnail'><dl class='gallery-item'>\n\t\t\t<dt class='gallery-icon landscape'>\n\t\t\t\t<a href='https:\/\/durv.grafrath-staedtepartner.de\/?attachment_id=300'><img loading=\"lazy\" decoding=\"async\" width=\"150\" height=\"150\" src=\"https:\/\/durv.grafrath-staedtepartner.de\/wp-content\/uploads\/2014\/07\/IMG_2214_2-150x150.jpg\" class=\"attachment-thumbnail size-thumbnail\" alt=\"\" aria-describedby=\"gallery-10-300\" \/><\/a>\n\t\t\t<\/dt>\n\t\t\t\t<dd class='wp-caption-text gallery-caption' id='gallery-10-300'>\n\t\t\t\tTarga Mures\n\t\t\t\t<\/dd><\/dl><dl class='gallery-item'>\n\t\t\t<dt class='gallery-icon landscape'>\n\t\t\t\t<a href='https:\/\/durv.grafrath-staedtepartner.de\/?attachment_id=301'><img loading=\"lazy\" decoding=\"async\" width=\"150\" height=\"150\" src=\"https:\/\/durv.grafrath-staedtepartner.de\/wp-content\/uploads\/2014\/07\/IMG_2222_2-150x150.jpg\" class=\"attachment-thumbnail size-thumbnail\" alt=\"\" aria-describedby=\"gallery-10-301\" \/><\/a>\n\t\t\t<\/dt>\n\t\t\t\t<dd class='wp-caption-text gallery-caption' id='gallery-10-301'>\n\t\t\t\tTarga Mures\n\t\t\t\t<\/dd><\/dl><dl class='gallery-item'>\n\t\t\t<dt class='gallery-icon landscape'>\n\t\t\t\t<a href='https:\/\/durv.grafrath-staedtepartner.de\/?attachment_id=302'><img loading=\"lazy\" decoding=\"async\" width=\"150\" height=\"150\" src=\"https:\/\/durv.grafrath-staedtepartner.de\/wp-content\/uploads\/2014\/07\/IMG_2253_2-150x150.jpg\" class=\"attachment-thumbnail size-thumbnail\" alt=\"\" aria-describedby=\"gallery-10-302\" \/><\/a>\n\t\t\t<\/dt>\n\t\t\t\t<dd class='wp-caption-text gallery-caption' id='gallery-10-302'>\n\t\t\t\tKlausenburg\n\t\t\t\t<\/dd><\/dl><br style=\"clear: both\" \/>\n\t\t<\/div>\n\n<p>Nach dem Mittagessen gab es einen weiteren H\u00f6hepunkt unserer Reise: Wir haben die Salzmine in Turda besuchen k\u00f6nnen. Eine beeindruckende H\u00f6hlenwelt mit unterirdischem See und einer 112 m hohen H\u00f6hle. Die Nacht verbrachten wir dann in Cluj (Klausenburg).<\/p>\n<p>Am n\u00e4chsten Morgen fuhren wir nach Carei (Gro\u00dfkarol) und machten einen Besuch bei der Stiftung Down Carei; die wir seit Jahren mit regelm\u00e4\u00dfigen Hilfslieferungen unterst\u00fctzen. Die Freude \u00fcber unseren Besuch dort war sehr gro\u00df. Die Behinderten haben f\u00fcr unsere Reisegruppe gesungen und getanzt. Wir konnten uns davon \u00fcberzeugen, dass unsere Hilfe bei der Betreuung der Behinderten und beim Ausbau und beim Erhalt des Stiftungsgeb\u00e4udes sehr gut genutzt wird.<\/p>\n\n\t\t<style type=\"text\/css\">\n\t\t\t#gallery-11 {\n\t\t\t\tmargin: auto;\n\t\t\t}\n\t\t\t#gallery-11 .gallery-item {\n\t\t\t\tfloat: left;\n\t\t\t\tmargin-top: 10px;\n\t\t\t\ttext-align: center;\n\t\t\t\twidth: 50%;\n\t\t\t}\n\t\t\t#gallery-11 img {\n\t\t\t\tborder: 2px solid #cfcfcf;\n\t\t\t}\n\t\t\t#gallery-11 .gallery-caption {\n\t\t\t\tmargin-left: 0;\n\t\t\t}\n\t\t\t\/* see gallery_shortcode() in wp-includes\/media.php *\/\n\t\t<\/style>\n\t\t<div id='gallery-11' class='gallery galleryid-236 gallery-columns-2 gallery-size-thumbnail'><dl class='gallery-item'>\n\t\t\t<dt class='gallery-icon landscape'>\n\t\t\t\t<a href='https:\/\/durv.grafrath-staedtepartner.de\/?attachment_id=303'><img loading=\"lazy\" decoding=\"async\" width=\"150\" height=\"150\" src=\"https:\/\/durv.grafrath-staedtepartner.de\/wp-content\/uploads\/2014\/07\/IMG_2272_2-150x150.jpg\" class=\"attachment-thumbnail size-thumbnail\" alt=\"\" aria-describedby=\"gallery-11-303\" \/><\/a>\n\t\t\t<\/dt>\n\t\t\t\t<dd class='wp-caption-text gallery-caption' id='gallery-11-303'>\n\t\t\t\tStiftung Down Carei\n\t\t\t\t<\/dd><\/dl><dl class='gallery-item'>\n\t\t\t<dt class='gallery-icon landscape'>\n\t\t\t\t<a href='https:\/\/durv.grafrath-staedtepartner.de\/?attachment_id=304'><img loading=\"lazy\" decoding=\"async\" width=\"150\" height=\"150\" src=\"https:\/\/durv.grafrath-staedtepartner.de\/wp-content\/uploads\/2014\/07\/IMG_2279_2-150x150.jpg\" class=\"attachment-thumbnail size-thumbnail\" alt=\"\" aria-describedby=\"gallery-11-304\" \/><\/a>\n\t\t\t<\/dt>\n\t\t\t\t<dd class='wp-caption-text gallery-caption' id='gallery-11-304'>\n\t\t\t\tLeiterinnen der Stiftung\n\t\t\t\t<\/dd><\/dl><br style=\"clear: both\" \/><dl class='gallery-item'>\n\t\t\t<dt class='gallery-icon landscape'>\n\t\t\t\t<a href='https:\/\/durv.grafrath-staedtepartner.de\/?attachment_id=305'><img loading=\"lazy\" decoding=\"async\" width=\"150\" height=\"150\" src=\"https:\/\/durv.grafrath-staedtepartner.de\/wp-content\/uploads\/2014\/07\/IMG_2296_2-150x150.jpg\" class=\"attachment-thumbnail size-thumbnail\" alt=\"\" aria-describedby=\"gallery-11-305\" \/><\/a>\n\t\t\t<\/dt>\n\t\t\t\t<dd class='wp-caption-text gallery-caption' id='gallery-11-305'>\n\t\t\t\tRenoviertes Haus der Stiftung\n\t\t\t\t<\/dd><\/dl><dl class='gallery-item'>\n\t\t\t<dt class='gallery-icon landscape'>\n\t\t\t\t<a href='https:\/\/durv.grafrath-staedtepartner.de\/?attachment_id=306'><img loading=\"lazy\" decoding=\"async\" width=\"150\" height=\"150\" src=\"https:\/\/durv.grafrath-staedtepartner.de\/wp-content\/uploads\/2014\/07\/IMG_2298_2-150x150.jpg\" class=\"attachment-thumbnail size-thumbnail\" alt=\"\" aria-describedby=\"gallery-11-306\" \/><\/a>\n\t\t\t<\/dt>\n\t\t\t\t<dd class='wp-caption-text gallery-caption' id='gallery-11-306'>\n\t\t\t\tVereinsvorsitzende i.d. Stiftung\n\t\t\t\t<\/dd><\/dl><br style=\"clear: both\" \/>\n\t\t<\/div>\n\n<p>Tags darauf haben wir zun\u00e4chst in Carei das neu renovierte Schloss besichtigt und konnten auch einen Blick in eine Synagoge werfen.<\/p>\n\n\t\t<style type=\"text\/css\">\n\t\t\t#gallery-12 {\n\t\t\t\tmargin: auto;\n\t\t\t}\n\t\t\t#gallery-12 .gallery-item {\n\t\t\t\tfloat: left;\n\t\t\t\tmargin-top: 10px;\n\t\t\t\ttext-align: center;\n\t\t\t\twidth: 50%;\n\t\t\t}\n\t\t\t#gallery-12 img {\n\t\t\t\tborder: 2px solid #cfcfcf;\n\t\t\t}\n\t\t\t#gallery-12 .gallery-caption {\n\t\t\t\tmargin-left: 0;\n\t\t\t}\n\t\t\t\/* see gallery_shortcode() in wp-includes\/media.php *\/\n\t\t<\/style>\n\t\t<div id='gallery-12' class='gallery galleryid-236 gallery-columns-2 gallery-size-thumbnail'><dl class='gallery-item'>\n\t\t\t<dt class='gallery-icon landscape'>\n\t\t\t\t<a href='https:\/\/durv.grafrath-staedtepartner.de\/?attachment_id=307'><img loading=\"lazy\" decoding=\"async\" width=\"150\" height=\"150\" src=\"https:\/\/durv.grafrath-staedtepartner.de\/wp-content\/uploads\/2014\/07\/IMG_2311_2-150x150.jpg\" class=\"attachment-thumbnail size-thumbnail\" alt=\"\" aria-describedby=\"gallery-12-307\" \/><\/a>\n\t\t\t<\/dt>\n\t\t\t\t<dd class='wp-caption-text gallery-caption' id='gallery-12-307'>\n\t\t\t\tSchloss in Grosskarol\n\t\t\t\t<\/dd><\/dl><dl class='gallery-item'>\n\t\t\t<dt class='gallery-icon landscape'>\n\t\t\t\t<a href='https:\/\/durv.grafrath-staedtepartner.de\/?attachment_id=308'><img loading=\"lazy\" decoding=\"async\" width=\"150\" height=\"150\" src=\"https:\/\/durv.grafrath-staedtepartner.de\/wp-content\/uploads\/2014\/07\/IMG_2330_2-150x150.jpg\" class=\"attachment-thumbnail size-thumbnail\" alt=\"\" aria-describedby=\"gallery-12-308\" \/><\/a>\n\t\t\t<\/dt>\n\t\t\t\t<dd class='wp-caption-text gallery-caption' id='gallery-12-308'>\n\t\t\t\tSynagoge in Grosskarol\n\t\t\t\t<\/dd><\/dl><br style=\"clear: both\" \/>\n\t\t<\/div>\n\n<p>Um die Mittagszeit fuhren wir dann in das nahe gelegene Petrifeld, mit der wir seit Jahren engen Kontakt haben und schon vielf\u00e4ltige Hilfen geleistet haben.<\/p>\n\n\t\t<style type=\"text\/css\">\n\t\t\t#gallery-13 {\n\t\t\t\tmargin: auto;\n\t\t\t}\n\t\t\t#gallery-13 .gallery-item {\n\t\t\t\tfloat: left;\n\t\t\t\tmargin-top: 10px;\n\t\t\t\ttext-align: center;\n\t\t\t\twidth: 50%;\n\t\t\t}\n\t\t\t#gallery-13 img {\n\t\t\t\tborder: 2px solid #cfcfcf;\n\t\t\t}\n\t\t\t#gallery-13 .gallery-caption {\n\t\t\t\tmargin-left: 0;\n\t\t\t}\n\t\t\t\/* see gallery_shortcode() in wp-includes\/media.php *\/\n\t\t<\/style>\n\t\t<div id='gallery-13' class='gallery galleryid-236 gallery-columns-2 gallery-size-thumbnail'><dl class='gallery-item'>\n\t\t\t<dt class='gallery-icon landscape'>\n\t\t\t\t<a href='https:\/\/durv.grafrath-staedtepartner.de\/?attachment_id=311'><img loading=\"lazy\" decoding=\"async\" width=\"150\" height=\"150\" src=\"https:\/\/durv.grafrath-staedtepartner.de\/wp-content\/uploads\/2014\/07\/IMG_2347_2-150x150.jpg\" class=\"attachment-thumbnail size-thumbnail\" alt=\"\" aria-describedby=\"gallery-13-311\" \/><\/a>\n\t\t\t<\/dt>\n\t\t\t\t<dd class='wp-caption-text gallery-caption' id='gallery-13-311'>\n\t\t\t\tPetrifeld mit neuem Brunnen\n\t\t\t\t<\/dd><\/dl><dl class='gallery-item'>\n\t\t\t<dt class='gallery-icon landscape'>\n\t\t\t\t<a href='https:\/\/durv.grafrath-staedtepartner.de\/?attachment_id=312'><img loading=\"lazy\" decoding=\"async\" width=\"150\" height=\"150\" src=\"https:\/\/durv.grafrath-staedtepartner.de\/wp-content\/uploads\/2014\/07\/IMG_2357_2-150x150.jpg\" class=\"attachment-thumbnail size-thumbnail\" alt=\"\" aria-describedby=\"gallery-13-312\" \/><\/a>\n\t\t\t<\/dt>\n\t\t\t\t<dd class='wp-caption-text gallery-caption' id='gallery-13-312'>\n\t\t\t\tHeimtmuseum Petrifeld\n\t\t\t\t<\/dd><\/dl><br style=\"clear: both\" \/>\n\t\t<\/div>\n\n<p>Wir wurden vom dortigen B\u00fcrgermeister und einigen Gemeinder\u00e4ten sowie vielen alten Bekannten aus fr\u00fcheren Besuchen herzlich empfangen.<\/p>\n\n\t\t<style type=\"text\/css\">\n\t\t\t#gallery-14 {\n\t\t\t\tmargin: auto;\n\t\t\t}\n\t\t\t#gallery-14 .gallery-item {\n\t\t\t\tfloat: left;\n\t\t\t\tmargin-top: 10px;\n\t\t\t\ttext-align: center;\n\t\t\t\twidth: 100%;\n\t\t\t}\n\t\t\t#gallery-14 img {\n\t\t\t\tborder: 2px solid #cfcfcf;\n\t\t\t}\n\t\t\t#gallery-14 .gallery-caption {\n\t\t\t\tmargin-left: 0;\n\t\t\t}\n\t\t\t\/* see gallery_shortcode() in wp-includes\/media.php *\/\n\t\t<\/style>\n\t\t<div id='gallery-14' class='gallery galleryid-236 gallery-columns-1 gallery-size-thumbnail'><dl class='gallery-item'>\n\t\t\t<dt class='gallery-icon landscape'>\n\t\t\t\t<a href='https:\/\/durv.grafrath-staedtepartner.de\/?attachment_id=309'><img loading=\"lazy\" decoding=\"async\" width=\"150\" height=\"150\" src=\"https:\/\/durv.grafrath-staedtepartner.de\/wp-content\/uploads\/2014\/07\/IMG_2341_2-150x150.jpg\" class=\"attachment-thumbnail size-thumbnail\" alt=\"\" aria-describedby=\"gallery-14-309\" \/><\/a>\n\t\t\t<\/dt>\n\t\t\t\t<dd class='wp-caption-text gallery-caption' id='gallery-14-309'>\n\t\t\t\tB\u00fcrgermeister Marchis v. Petrifeld\n\t\t\t\t<\/dd><\/dl><br style=\"clear: both\" \/>\n\t\t<\/div>\n\n<p>Eine besondere Freude war f\u00fcr uns, dass das Feuerwehrauto, das wir vor 21 Jahren (im Jahr 1993) von Grafrath nach Petrifeld gefahren hatten, immer noch im Einsatz ist und von den Feuerwehrleuten von Petrifeld liebevoll gepflegt wird.<\/p>\n<div id=\"attachment_310\" style=\"width: 310px\" class=\"wp-caption aligncenter\"><a href=\"http:\/\/durv.grafrath-staedtepartner.de\/wp-content\/uploads\/2014\/07\/IMG_2344_2.jpg\"><img loading=\"lazy\" decoding=\"async\" aria-describedby=\"caption-attachment-310\" class=\"size-medium wp-image-310\" src=\"http:\/\/durv.grafrath-staedtepartner.de\/wp-content\/uploads\/2014\/07\/IMG_2344_2-300x200.jpg\" alt=\"Feuerwehrauto \" width=\"300\" height=\"200\" srcset=\"https:\/\/durv.grafrath-staedtepartner.de\/wp-content\/uploads\/2014\/07\/IMG_2344_2-300x200.jpg 300w, https:\/\/durv.grafrath-staedtepartner.de\/wp-content\/uploads\/2014\/07\/IMG_2344_2-449x300.jpg 449w, https:\/\/durv.grafrath-staedtepartner.de\/wp-content\/uploads\/2014\/07\/IMG_2344_2.jpg 1024w\" sizes=\"(max-width: 300px) 100vw, 300px\" \/><\/a><p id=\"caption-attachment-310\" class=\"wp-caption-text\">Feuerwehrauto<\/p><\/div>\n<p>Aber auch in Petrifeld ist die Tatsache, dass Rum\u00e4nien nun zur Europ\u00e4ischen Union geh\u00f6rt, nicht spurlos vor\u00fcbergegangen. Die Schule wurde auf mittteleurop\u00e4ischen Standard saniert und ein gro\u00dfes Freizeitgel\u00e4nde mit Turnhalle, Vereinsheim mit Bowlingbahn, Tennispl\u00e4tze und sogar einem Freiluft \u2013 Theater wurden (\u00fcberwiegend mit EU \u2013 Mitteln) gebaut.<\/p>\n\n\t\t<style type=\"text\/css\">\n\t\t\t#gallery-15 {\n\t\t\t\tmargin: auto;\n\t\t\t}\n\t\t\t#gallery-15 .gallery-item {\n\t\t\t\tfloat: left;\n\t\t\t\tmargin-top: 10px;\n\t\t\t\ttext-align: center;\n\t\t\t\twidth: 33%;\n\t\t\t}\n\t\t\t#gallery-15 img {\n\t\t\t\tborder: 2px solid #cfcfcf;\n\t\t\t}\n\t\t\t#gallery-15 .gallery-caption {\n\t\t\t\tmargin-left: 0;\n\t\t\t}\n\t\t\t\/* see gallery_shortcode() in wp-includes\/media.php *\/\n\t\t<\/style>\n\t\t<div id='gallery-15' class='gallery galleryid-236 gallery-columns-3 gallery-size-thumbnail'><dl class='gallery-item'>\n\t\t\t<dt class='gallery-icon landscape'>\n\t\t\t\t<a href='https:\/\/durv.grafrath-staedtepartner.de\/?attachment_id=316'><img loading=\"lazy\" decoding=\"async\" width=\"150\" height=\"150\" src=\"https:\/\/durv.grafrath-staedtepartner.de\/wp-content\/uploads\/2014\/07\/IMG_2373_2-150x150.jpg\" class=\"attachment-thumbnail size-thumbnail\" alt=\"\" aria-describedby=\"gallery-15-316\" \/><\/a>\n\t\t\t<\/dt>\n\t\t\t\t<dd class='wp-caption-text gallery-caption' id='gallery-15-316'>\n\t\t\t\tFreizeitanlage Petrifeld\n\t\t\t\t<\/dd><\/dl><dl class='gallery-item'>\n\t\t\t<dt class='gallery-icon landscape'>\n\t\t\t\t<a href='https:\/\/durv.grafrath-staedtepartner.de\/?attachment_id=315'><img loading=\"lazy\" decoding=\"async\" width=\"150\" height=\"150\" src=\"https:\/\/durv.grafrath-staedtepartner.de\/wp-content\/uploads\/2014\/07\/IMG_2371_2-150x150.jpg\" class=\"attachment-thumbnail size-thumbnail\" alt=\"\" aria-describedby=\"gallery-15-315\" \/><\/a>\n\t\t\t<\/dt>\n\t\t\t\t<dd class='wp-caption-text gallery-caption' id='gallery-15-315'>\n\t\t\t\tFreizeitanlage Petrifeld\n\t\t\t\t<\/dd><\/dl><dl class='gallery-item'>\n\t\t\t<dt class='gallery-icon landscape'>\n\t\t\t\t<a href='https:\/\/durv.grafrath-staedtepartner.de\/?attachment_id=314'><img loading=\"lazy\" decoding=\"async\" width=\"150\" height=\"150\" src=\"https:\/\/durv.grafrath-staedtepartner.de\/wp-content\/uploads\/2014\/07\/IMG_2370_2-150x150.jpg\" class=\"attachment-thumbnail size-thumbnail\" alt=\"\" aria-describedby=\"gallery-15-314\" \/><\/a>\n\t\t\t<\/dt>\n\t\t\t\t<dd class='wp-caption-text gallery-caption' id='gallery-15-314'>\n\t\t\t\tFreizeitanlage Petrifeld\n\t\t\t\t<\/dd><\/dl><br style=\"clear: both\" \/>\n\t\t<\/div>\n\n<p>&nbsp;<\/p>\n<p>Am n\u00e4chsten Tag ging die lange Fahrt zur\u00fcck nach Hermannstadt. Unterwegs haben wir noch Alba Iulia (Karlsburg) besucht; deren Innenstadt sehr sch\u00f6n renoviert ist. Wie wir erfahren haben, hat sich diese Stadt als europ\u00e4ische Kulturhauptstadt beworben.<\/p>\n\n\t\t<style type=\"text\/css\">\n\t\t\t#gallery-16 {\n\t\t\t\tmargin: auto;\n\t\t\t}\n\t\t\t#gallery-16 .gallery-item {\n\t\t\t\tfloat: left;\n\t\t\t\tmargin-top: 10px;\n\t\t\t\ttext-align: center;\n\t\t\t\twidth: 33%;\n\t\t\t}\n\t\t\t#gallery-16 img {\n\t\t\t\tborder: 2px solid #cfcfcf;\n\t\t\t}\n\t\t\t#gallery-16 .gallery-caption {\n\t\t\t\tmargin-left: 0;\n\t\t\t}\n\t\t\t\/* see gallery_shortcode() in wp-includes\/media.php *\/\n\t\t<\/style>\n\t\t<div id='gallery-16' class='gallery galleryid-236 gallery-columns-3 gallery-size-thumbnail'><dl class='gallery-item'>\n\t\t\t<dt class='gallery-icon landscape'>\n\t\t\t\t<a href='https:\/\/durv.grafrath-staedtepartner.de\/?attachment_id=318'><img loading=\"lazy\" decoding=\"async\" width=\"150\" height=\"150\" src=\"https:\/\/durv.grafrath-staedtepartner.de\/wp-content\/uploads\/2014\/07\/IMG_2414_2-150x150.jpg\" class=\"attachment-thumbnail size-thumbnail\" alt=\"\" aria-describedby=\"gallery-16-318\" \/><\/a>\n\t\t\t<\/dt>\n\t\t\t\t<dd class='wp-caption-text gallery-caption' id='gallery-16-318'>\n\t\t\t\tAlba Iulia\n\t\t\t\t<\/dd><\/dl><dl class='gallery-item'>\n\t\t\t<dt class='gallery-icon landscape'>\n\t\t\t\t<a href='https:\/\/durv.grafrath-staedtepartner.de\/?attachment_id=320'><img loading=\"lazy\" decoding=\"async\" width=\"150\" height=\"150\" src=\"https:\/\/durv.grafrath-staedtepartner.de\/wp-content\/uploads\/2014\/07\/IMG_2442_2-150x150.jpg\" class=\"attachment-thumbnail size-thumbnail\" alt=\"\" aria-describedby=\"gallery-16-320\" \/><\/a>\n\t\t\t<\/dt>\n\t\t\t\t<dd class='wp-caption-text gallery-caption' id='gallery-16-320'>\n\t\t\t\tAlba Iulia\n\t\t\t\t<\/dd><\/dl><dl class='gallery-item'>\n\t\t\t<dt class='gallery-icon landscape'>\n\t\t\t\t<a href='https:\/\/durv.grafrath-staedtepartner.de\/?attachment_id=322'><img loading=\"lazy\" decoding=\"async\" width=\"150\" height=\"150\" src=\"https:\/\/durv.grafrath-staedtepartner.de\/wp-content\/uploads\/2014\/07\/IMG_2449_3-150x150.jpg\" class=\"attachment-thumbnail size-thumbnail\" alt=\"\" aria-describedby=\"gallery-16-322\" \/><\/a>\n\t\t\t<\/dt>\n\t\t\t\t<dd class='wp-caption-text gallery-caption' id='gallery-16-322'>\n\t\t\t\tAlba Iulia\n\t\t\t\t<\/dd><\/dl><br style=\"clear: both\" \/>\n\t\t<\/div>\n\n<p>Dann war mit dem R\u00fcckflug nach M\u00fcnchen am n\u00e4chsten Tag unsere Reise zu Ende.<\/p>\n<p><a href=\"http:\/\/durv.grafrath-staedtepartner.de\/wp-content\/uploads\/2014\/07\/IMG_2415_2.jpg\"><img loading=\"lazy\" decoding=\"async\" class=\"aligncenter size-medium wp-image-319\" src=\"http:\/\/durv.grafrath-staedtepartner.de\/wp-content\/uploads\/2014\/07\/IMG_2415_2-300x200.jpg\" alt=\"IMG_2415_2\" width=\"300\" height=\"200\" srcset=\"https:\/\/durv.grafrath-staedtepartner.de\/wp-content\/uploads\/2014\/07\/IMG_2415_2-300x200.jpg 300w, https:\/\/durv.grafrath-staedtepartner.de\/wp-content\/uploads\/2014\/07\/IMG_2415_2-449x300.jpg 449w, https:\/\/durv.grafrath-staedtepartner.de\/wp-content\/uploads\/2014\/07\/IMG_2415_2.jpg 1024w\" sizes=\"(max-width: 300px) 100vw, 300px\" \/><\/a><\/p>\n","protected":false},"excerpt":{"rendered":"<p>Vereins \u2013 Ausflug nach Siebenb\u00fcrgen, Gro\u00dfkarol und zu unserer Partnergemeinde Petrifeld &nbsp; Vom 10. Juni bis 19.6.2014 hat, organisiert von unserem Verein, eine interessierte Reisegruppe von 18 Personen eine sch\u00f6ne Reise nach Siebenb\u00fcrgen und dann weiter in den Bezirk Sathmar &hellip; <a href=\"https:\/\/durv.grafrath-staedtepartner.de\/?page_id=236\">Weiterlesen <span class=\"meta-nav\">&rarr;<\/span><\/a><\/p>\n","protected":false},"author":1,"featured_media":0,"parent":0,"menu_order":0,"comment_status":"open","ping_status":"open","template":"","meta":{"footnotes":""},"class_list":["post-236","page","type-page","status-publish","hentry"],"_links":{"self":[{"href":"https:\/\/durv.grafrath-staedtepartner.de\/index.php?rest_route=\/wp\/v2\/pages\/236"}],"collection":[{"href":"https:\/\/durv.grafrath-staedtepartner.de\/index.php?rest_route=\/wp\/v2\/pages"}],"about":[{"href":"https:\/\/durv.grafrath-staedtepartner.de\/index.php?rest_route=\/wp\/v2\/types\/page"}],"author":[{"embeddable":true,"href":"https:\/\/durv.grafrath-staedtepartner.de\/index.php?rest_route=\/wp\/v2\/users\/1"}],"replies":[{"embeddable":true,"href":"https:\/\/durv.grafrath-staedtepartner.de\/index.php?rest_route=%2Fwp%2Fv2%2Fcomments&post=236"}],"version-history":[{"count":6,"href":"https:\/\/durv.grafrath-staedtepartner.de\/index.php?rest_route=\/wp\/v2\/pages\/236\/revisions"}],"predecessor-version":[{"id":327,"href":"https:\/\/durv.grafrath-staedtepartner.de\/index.php?rest_route=\/wp\/v2\/pages\/236\/revisions\/327"}],"wp:attachment":[{"href":"https:\/\/durv.grafrath-staedtepartner.de\/index.php?rest_route=%2Fwp%2Fv2%2Fmedia&parent=236"}],"curies":[{"name":"wp","href":"https:\/\/api.w.org\/{rel}","templated":true}]}}